{"id":608,"date":"2022-04-30T13:33:39","date_gmt":"2022-04-30T11:33:39","guid":{"rendered":"http:\/\/kolpingbuehne-wattens.at\/?page_id=608"},"modified":"2024-01-05T02:24:08","modified_gmt":"2024-01-05T01:24:08","slug":"alice-im-anderland","status":"publish","type":"page","link":"https:\/\/kolpingbuehne-wattens.at\/en\/alice-im-anderland\/","title":{"rendered":"Alice im Anderland"},"content":{"rendered":"<div data-elementor-type=\"wp-page\" data-elementor-id=\"608\" class=\"elementor elementor-608\">\n\t\t\t\t\t\t<section class=\"elementor-section elementor-top-section elementor-element elementor-element-1d84b062 elementor-section-boxed elementor-section-height-default elementor-section-height-default\" data-id=\"1d84b062\" data-element_type=\"section\" data-e-type=\"section\">\n\t\t\t\t\t\t<div class=\"elementor-container elementor-column-gap-default\">\n\t\t\t\t\t<div class=\"elementor-column elementor-col-100 elementor-top-column elementor-element elementor-element-17a1337d\" data-id=\"17a1337d\" data-element_type=\"column\" data-e-type=\"column\">\n\t\t\t<div class=\"elementor-widget-wrap elementor-element-populated\">\n\t\t\t\t\t\t<div class=\"elementor-element elementor-element-1448129 elementor-widget elementor-widget-image\" data-id=\"1448129\" data-element_type=\"widget\" data-e-type=\"widget\" data-widget_type=\"image.default\">\n\t\t\t\t<div class=\"elementor-widget-container\">\n\t\t\t\t\t\t\t\t\t\t\t\t\t\t\t<img fetchpriority=\"high\" decoding=\"async\" width=\"719\" height=\"1024\" src=\"https:\/\/kolpingbuehne-wattens.at\/wp-content\/uploads\/2022\/12\/alice_fyler-719x1024.png\" class=\"attachment-large size-large wp-image-1778\" alt=\"\" srcset=\"https:\/\/kolpingbuehne-wattens.at\/wp-content\/uploads\/2022\/12\/alice_fyler-719x1024.png 719w, https:\/\/kolpingbuehne-wattens.at\/wp-content\/uploads\/2022\/12\/alice_fyler-211x300.png 211w, https:\/\/kolpingbuehne-wattens.at\/wp-content\/uploads\/2022\/12\/alice_fyler-768x1094.png 768w, https:\/\/kolpingbuehne-wattens.at\/wp-content\/uploads\/2022\/12\/alice_fyler-8x12.png 8w, https:\/\/kolpingbuehne-wattens.at\/wp-content\/uploads\/2022\/12\/alice_fyler-600x855.png 600w, https:\/\/kolpingbuehne-wattens.at\/wp-content\/uploads\/2022\/12\/alice_fyler.png 1048w\" sizes=\"(max-width: 719px) 100vw, 719px\" \/>\t\t\t\t\t\t\t\t\t\t\t\t\t\t\t<\/div>\n\t\t\t\t<\/div>\n\t\t\t\t<div class=\"elementor-element elementor-element-3fc7baad elementor-widget elementor-widget-heading\" data-id=\"3fc7baad\" data-element_type=\"widget\" data-e-type=\"widget\" data-widget_type=\"heading.default\">\n\t\t\t\t<div class=\"elementor-widget-container\">\n\t\t\t\t\t<h3 class=\"elementor-heading-title elementor-size-medium\">Inhalt<\/h3>\t\t\t\t<\/div>\n\t\t\t\t<\/div>\n\t\t\t\t<div class=\"elementor-element elementor-element-20312657 elementor-widget elementor-widget-text-editor\" data-id=\"20312657\" data-element_type=\"widget\" data-e-type=\"widget\" data-widget_type=\"text-editor.default\">\n\t\t\t\t<div class=\"elementor-widget-container\">\n\t\t\t\t\t\t\t\t\t<p>Was ist normal, was ist krank? Alice im Anderland und Alice 4.0 n\u00e4hert sich diesem Thema durch zweierlei Zug\u00e4nge:<br \/><br \/>als Theaterst\u00fcck:<br \/>Es zeigt eine traumatisierte Alice als Patientin einer Nervenheilanstalt, in deren Wahrnehmung Carrolls bekannte Figuren \u2013 wie etwa der Hutmacher oder die Raupe &#8211; als Zerrbilder auftauchen. <br \/>Dabei werden auf Themen wie Sucht, Kriegstraumata, Depression oder Verfolgungswahn eingegangen<br \/>Dauer: ca. 50 Min. mit anschlie\u00dfender Gespr\u00e4chs- oder Austauschm\u00f6glichkeit seitens eines\/r ExpertIn<\/p><p>als Installation:<br \/>hierbei wird der vorgegebene gesellschafts- und wirtschaftspolitischen Handlungsspielraum unter die Lupe genommen;<br \/>diese greift die Frage auf, was eine Bedrohung f\u00fcr die physiche und psychische Gesundheit darstellen kann\u2026<\/p>\t\t\t\t\t\t\t\t<\/div>\n\t\t\t\t<\/div>\n\t\t\t\t<div class=\"elementor-element elementor-element-fc5a7ce elementor-widget elementor-widget-heading\" data-id=\"fc5a7ce\" data-element_type=\"widget\" data-e-type=\"widget\" data-widget_type=\"heading.default\">\n\t\t\t\t<div class=\"elementor-widget-container\">\n\t\t\t\t\t<h2 class=\"elementor-heading-title elementor-size-medium\">Mitwirkende<\/h2>\t\t\t\t<\/div>\n\t\t\t\t<\/div>\n\t\t\t\t<section class=\"elementor-section elementor-inner-section elementor-element elementor-element-7abe7c9 elementor-section-boxed elementor-section-height-default elementor-section-height-default\" data-id=\"7abe7c9\" data-element_type=\"section\" data-e-type=\"section\">\n\t\t\t\t\t\t<div class=\"elementor-container elementor-column-gap-default\">\n\t\t\t\t\t<div class=\"elementor-column elementor-col-50 elementor-inner-column elementor-element elementor-element-f6c1cd5\" data-id=\"f6c1cd5\" data-element_type=\"column\" data-e-type=\"column\">\n\t\t\t<div class=\"elementor-widget-wrap elementor-element-populated\">\n\t\t\t\t\t\t<div class=\"elementor-element elementor-element-8552909 elementor-widget elementor-widget-text-editor\" data-id=\"8552909\" data-element_type=\"widget\" data-e-type=\"widget\" data-widget_type=\"text-editor.default\">\n\t\t\t\t<div class=\"elementor-widget-container\">\n\t\t\t\t\t\t\t\t\t<p>Schauspieler 1<br>Schauspieler 2<br>Schauspieler 3<br>Schauspieler 4<br>Schauspieler 5<br>Schauspieler 6<br>Schauspieler 7<br>Schauspieler 8<br>Schauspieler 9<\/p><p>Regie<\/p>\t\t\t\t\t\t\t\t<\/div>\n\t\t\t\t<\/div>\n\t\t\t\t\t<\/div>\n\t\t<\/div>\n\t\t\t\t<div class=\"elementor-column elementor-col-50 elementor-inner-column elementor-element elementor-element-b9fab35\" data-id=\"b9fab35\" data-element_type=\"column\" data-e-type=\"column\">\n\t\t\t<div class=\"elementor-widget-wrap elementor-element-populated\">\n\t\t\t\t\t\t<div class=\"elementor-element elementor-element-d7344ee elementor-widget elementor-widget-text-editor\" data-id=\"d7344ee\" data-element_type=\"widget\" data-e-type=\"widget\" data-widget_type=\"text-editor.default\">\n\t\t\t\t<div class=\"elementor-widget-container\">\n\t\t\t\t\t\t\t\t\t<p>Bastian Hechenblaikner<br \/>Lena Kerber<br \/>Lara Mair<br \/>Carina Prem<br \/>Rebecca Sillaber<br \/>Katja Stocker<br \/>Bettina Strolz<br \/>Iris Unterberger<br \/>Simona Mairhofer<\/p><p>Thomas Strolz<\/p>\t\t\t\t\t\t\t\t<\/div>\n\t\t\t\t<\/div>\n\t\t\t\t\t<\/div>\n\t\t<\/div>\n\t\t\t\t\t<\/div>\n\t\t<\/section>\n\t\t\t\t<div class=\"elementor-element elementor-element-5b295879 elementor-widget elementor-widget-heading\" data-id=\"5b295879\" data-element_type=\"widget\" data-e-type=\"widget\" data-widget_type=\"heading.default\">\n\t\t\t\t<div class=\"elementor-widget-container\">\n\t\t\t\t\t<h3 class=\"elementor-heading-title elementor-size-medium\">Termine &amp; Veranstaltungsort<\/h3>\t\t\t\t<\/div>\n\t\t\t\t<\/div>\n\t\t\t\t<section class=\"elementor-section elementor-inner-section elementor-element elementor-element-688ceaa6 elementor-section-boxed elementor-section-height-default elementor-section-height-default\" data-id=\"688ceaa6\" data-element_type=\"section\" data-e-type=\"section\">\n\t\t\t\t\t\t<div class=\"elementor-container elementor-column-gap-default\">\n\t\t\t\t\t<div class=\"elementor-column elementor-col-50 elementor-inner-column elementor-element elementor-element-5e6b85a0\" data-id=\"5e6b85a0\" data-element_type=\"column\" data-e-type=\"column\">\n\t\t\t<div class=\"elementor-widget-wrap elementor-element-populated\">\n\t\t\t\t\t\t<div class=\"elementor-element elementor-element-37dea93 elementor-icon-list--layout-traditional elementor-list-item-link-full_width elementor-widget elementor-widget-icon-list\" data-id=\"37dea93\" data-element_type=\"widget\" data-e-type=\"widget\" data-widget_type=\"icon-list.default\">\n\t\t\t\t<div class=\"elementor-widget-container\">\n\t\t\t\t\t\t\t<ul class=\"elementor-icon-list-items\">\n\t\t\t\t\t\t\t<li class=\"elementor-icon-list-item\">\n\t\t\t\t\t\t\t\t\t\t\t<span class=\"elementor-icon-list-icon\">\n\t\t\t\t\t\t\t<i aria-hidden=\"true\" class=\"far fa-calendar-check\"><\/i>\t\t\t\t\t\t<\/span>\n\t\t\t\t\t\t\t\t\t\t<span class=\"elementor-icon-list-text\">24.11.2017, 19:30 Uhr (Wattens Gasthof Neuwirt)<\/span>\n\t\t\t\t\t\t\t\t\t<\/li>\n\t\t\t\t\t\t\t\t<li class=\"elementor-icon-list-item\">\n\t\t\t\t\t\t\t\t\t\t\t<span class=\"elementor-icon-list-icon\">\n\t\t\t\t\t\t\t<i aria-hidden=\"true\" class=\"far fa-calendar-check\"><\/i>\t\t\t\t\t\t<\/span>\n\t\t\t\t\t\t\t\t\t\t<span class=\"elementor-icon-list-text\">27.11.2017, 10:30 Uhr (Wattens Gasthof Neuwirt)<\/span>\n\t\t\t\t\t\t\t\t\t<\/li>\n\t\t\t\t\t\t\t\t<li class=\"elementor-icon-list-item\">\n\t\t\t\t\t\t\t\t\t\t\t<span class=\"elementor-icon-list-icon\">\n\t\t\t\t\t\t\t<i aria-hidden=\"true\" class=\"far fa-calendar-check\"><\/i>\t\t\t\t\t\t<\/span>\n\t\t\t\t\t\t\t\t\t\t<span class=\"elementor-icon-list-text\">10.12.2017, 19:30 Uhr (Hall Lokowitzgeb\u00e4ude)<\/span>\n\t\t\t\t\t\t\t\t\t<\/li>\n\t\t\t\t\t\t\t\t<li class=\"elementor-icon-list-item\">\n\t\t\t\t\t\t\t\t\t\t\t<span class=\"elementor-icon-list-icon\">\n\t\t\t\t\t\t\t<i aria-hidden=\"true\" class=\"far fa-calendar-check\"><\/i>\t\t\t\t\t\t<\/span>\n\t\t\t\t\t\t\t\t\t\t<span class=\"elementor-icon-list-text\">11.01.2018, 18:30 Uhr (Innsbruck Westbahntheater)<\/span>\n\t\t\t\t\t\t\t\t\t<\/li>\n\t\t\t\t\t\t\t\t<li class=\"elementor-icon-list-item\">\n\t\t\t\t\t\t\t\t\t\t\t<span class=\"elementor-icon-list-icon\">\n\t\t\t\t\t\t\t<i aria-hidden=\"true\" class=\"far fa-calendar-check\"><\/i>\t\t\t\t\t\t<\/span>\n\t\t\t\t\t\t\t\t\t\t<span class=\"elementor-icon-list-text\">17.02.2018, 19:30 Uhr (Weer Pfarrzentrum)<\/span>\n\t\t\t\t\t\t\t\t\t<\/li>\n\t\t\t\t\t\t<\/ul>\n\t\t\t\t\t\t<\/div>\n\t\t\t\t<\/div>\n\t\t\t\t\t<\/div>\n\t\t<\/div>\n\t\t\t\t<div class=\"elementor-column elementor-col-50 elementor-inner-column elementor-element elementor-element-6a07d42d\" data-id=\"6a07d42d\" data-element_type=\"column\" data-e-type=\"column\">\n\t\t\t<div class=\"elementor-widget-wrap elementor-element-populated\">\n\t\t\t\t\t\t<div class=\"elementor-element elementor-element-3c9b256d elementor-icon-list--layout-traditional elementor-list-item-link-full_width elementor-widget elementor-widget-icon-list\" data-id=\"3c9b256d\" data-element_type=\"widget\" data-e-type=\"widget\" data-widget_type=\"icon-list.default\">\n\t\t\t\t<div class=\"elementor-widget-container\">\n\t\t\t\t\t\t\t<ul class=\"elementor-icon-list-items\">\n\t\t\t\t\t\t\t<li class=\"elementor-icon-list-item\">\n\t\t\t\t\t\t\t\t\t\t\t<span class=\"elementor-icon-list-icon\">\n\t\t\t\t\t\t\t<i aria-hidden=\"true\" class=\"far fa-calendar-check\"><\/i>\t\t\t\t\t\t<\/span>\n\t\t\t\t\t\t\t\t\t\t<span class=\"elementor-icon-list-text\">26.11.2017, 19:30 Uhr (Wattens Gasthof Neuwirt)<\/span>\n\t\t\t\t\t\t\t\t\t<\/li>\n\t\t\t\t\t\t\t\t<li class=\"elementor-icon-list-item\">\n\t\t\t\t\t\t\t\t\t\t\t<span class=\"elementor-icon-list-icon\">\n\t\t\t\t\t\t\t<i aria-hidden=\"true\" class=\"far fa-calendar-check\"><\/i>\t\t\t\t\t\t<\/span>\n\t\t\t\t\t\t\t\t\t\t<span class=\"elementor-icon-list-text\">09.12.2017, 19:30 Uhr (Hall Lokowitzgeb\u00e4ude)<\/span>\n\t\t\t\t\t\t\t\t\t<\/li>\n\t\t\t\t\t\t\t\t<li class=\"elementor-icon-list-item\">\n\t\t\t\t\t\t\t\t\t\t\t<span class=\"elementor-icon-list-icon\">\n\t\t\t\t\t\t\t<i aria-hidden=\"true\" class=\"far fa-calendar-check\"><\/i>\t\t\t\t\t\t<\/span>\n\t\t\t\t\t\t\t\t\t\t<span class=\"elementor-icon-list-text\">11.12.2017, 10:30 Uhr (Hall Lokowitzgeb\u00e4ude)<\/span>\n\t\t\t\t\t\t\t\t\t<\/li>\n\t\t\t\t\t\t\t\t<li class=\"elementor-icon-list-item\">\n\t\t\t\t\t\t\t\t\t\t\t<span class=\"elementor-icon-list-icon\">\n\t\t\t\t\t\t\t<i aria-hidden=\"true\" class=\"far fa-calendar-check\"><\/i>\t\t\t\t\t\t<\/span>\n\t\t\t\t\t\t\t\t\t\t<span class=\"elementor-icon-list-text\">13.01.2018, 19:30 Uhr (Innsbruck Westbahntheater)<\/span>\n\t\t\t\t\t\t\t\t\t<\/li>\n\t\t\t\t\t\t<\/ul>\n\t\t\t\t\t\t<\/div>\n\t\t\t\t<\/div>\n\t\t\t\t\t<\/div>\n\t\t<\/div>\n\t\t\t\t\t<\/div>\n\t\t<\/section>\n\t\t\t\t<div class=\"elementor-element elementor-element-b0ab885 elementor-widget elementor-widget-heading\" data-id=\"b0ab885\" data-element_type=\"widget\" data-e-type=\"widget\" data-widget_type=\"heading.default\">\n\t\t\t\t<div class=\"elementor-widget-container\">\n\t\t\t\t\t<h2 class=\"elementor-heading-title elementor-size-medium\">Einblicke<\/h2>\t\t\t\t<\/div>\n\t\t\t\t<\/div>\n\t\t\t\t\t<\/div>\n\t\t<\/div>\n\t\t\t\t\t<\/div>\n\t\t<\/section>\n\t\t\t\t<\/div>","protected":false},"excerpt":{"rendered":"<p>Inhalt Was ist normal, was ist krank? Alice im Anderland und Alice 4.0 n\u00e4hert sich diesem Thema durch zweierlei Zug\u00e4nge: als Theaterst\u00fcck:Es zeigt eine traumatisierte Alice als Patientin einer Nervenheilanstalt, in deren Wahrnehmung Carrolls bekannte Figuren \u2013 wie etwa der Hutmacher oder die Raupe &#8211; als Zerrbilder auftauchen. Dabei werden auf Themen wie Sucht, Kriegstraumata,&hellip;&nbsp;<a href=\"https:\/\/kolpingbuehne-wattens.at\/en\/alice-im-anderland\/\" class=\"\" rel=\"bookmark\">Read More &raquo;<span class=\"screen-reader-text\">Alice im Anderland<\/span><\/a><\/p>","protected":false},"author":2,"featured_media":0,"parent":0,"menu_order":0,"comment_status":"closed","ping_status":"closed","template":"","meta":{"neve_meta_sidebar":"","neve_meta_container":"","neve_meta_enable_content_width":"","neve_meta_content_width":0,"neve_meta_title_alignment":"","neve_meta_author_avatar":"","neve_post_elements_order":"","neve_meta_disable_header":"","neve_meta_disable_footer":"","neve_meta_disable_title":"","footnotes":""},"class_list":["post-608","page","type-page","status-publish","hentry"],"jetpack_sharing_enabled":true,"_links":{"self":[{"href":"https:\/\/kolpingbuehne-wattens.at\/en\/wp-json\/wp\/v2\/pages\/608","targetHints":{"allow":["GET"]}}],"collection":[{"href":"https:\/\/kolpingbuehne-wattens.at\/en\/wp-json\/wp\/v2\/pages"}],"about":[{"href":"https:\/\/kolpingbuehne-wattens.at\/en\/wp-json\/wp\/v2\/types\/page"}],"author":[{"embeddable":true,"href":"https:\/\/kolpingbuehne-wattens.at\/en\/wp-json\/wp\/v2\/users\/2"}],"replies":[{"embeddable":true,"href":"https:\/\/kolpingbuehne-wattens.at\/en\/wp-json\/wp\/v2\/comments?post=608"}],"version-history":[{"count":13,"href":"https:\/\/kolpingbuehne-wattens.at\/en\/wp-json\/wp\/v2\/pages\/608\/revisions"}],"predecessor-version":[{"id":3816,"href":"https:\/\/kolpingbuehne-wattens.at\/en\/wp-json\/wp\/v2\/pages\/608\/revisions\/3816"}],"wp:attachment":[{"href":"https:\/\/kolpingbuehne-wattens.at\/en\/wp-json\/wp\/v2\/media?parent=608"}],"curies":[{"name":"wp","href":"https:\/\/api.w.org\/{rel}","templated":true}]}}