{"id":3863,"date":"2024-02-21T09:35:04","date_gmt":"2024-02-21T08:35:04","guid":{"rendered":"https:\/\/kolpingbuehne-wattens.at\/?page_id=3863"},"modified":"2024-02-27T23:09:44","modified_gmt":"2024-02-27T22:09:44","slug":"aufstand-in-der-minestrone","status":"publish","type":"page","link":"https:\/\/kolpingbuehne-wattens.at\/en\/aufstand-in-der-minestrone\/","title":{"rendered":"Aufstand in der Minestrone"},"content":{"rendered":"<div data-elementor-type=\"wp-page\" data-elementor-id=\"3863\" class=\"elementor elementor-3863\">\n\t\t\t\t\t\t<section class=\"elementor-section elementor-top-section elementor-element elementor-element-6708059 elementor-section-boxed elementor-section-height-default elementor-section-height-default\" data-id=\"6708059\" data-element_type=\"section\" data-e-type=\"section\">\n\t\t\t\t\t\t<div class=\"elementor-container elementor-column-gap-default\">\n\t\t\t\t\t<div class=\"elementor-column elementor-col-100 elementor-top-column elementor-element elementor-element-03fbedc\" data-id=\"03fbedc\" data-element_type=\"column\" data-e-type=\"column\">\n\t\t\t<div class=\"elementor-widget-wrap elementor-element-populated\">\n\t\t\t\t\t\t<div class=\"elementor-element elementor-element-fe2a9af elementor-widget elementor-widget-heading\" data-id=\"fe2a9af\" data-element_type=\"widget\" data-e-type=\"widget\" data-widget_type=\"heading.default\">\n\t\t\t\t<div class=\"elementor-widget-container\">\n\t\t\t\t\t<h2 class=\"elementor-heading-title elementor-size-default\">Aufstand in der Minestrone<\/h2>\t\t\t\t<\/div>\n\t\t\t\t<\/div>\n\t\t\t\t<div class=\"elementor-element elementor-element-713ea5b elementor-widget elementor-widget-heading\" data-id=\"713ea5b\" data-element_type=\"widget\" data-e-type=\"widget\" data-widget_type=\"heading.default\">\n\t\t\t\t<div class=\"elementor-widget-container\">\n\t\t\t\t\t<h2 class=\"elementor-heading-title elementor-size-medium\">ein Drehbuch von Christian Klotz<\/h2>\t\t\t\t<\/div>\n\t\t\t\t<\/div>\n\t\t\t\t<div class=\"elementor-element elementor-element-3d95c03 elementor-widget elementor-widget-text-editor\" data-id=\"3d95c03\" data-element_type=\"widget\" data-e-type=\"widget\" data-widget_type=\"text-editor.default\">\n\t\t\t\t<div class=\"elementor-widget-container\">\n\t\t\t\t\t\t\t\t\t<p><em>Die Szene spielt in einem Aufstellpool, der einen Kochtopf simuliert. Eventuell Blubberger\u00e4usche im Hintergrund, die das Kochen der Suppe simulieren. Das Gem\u00fcse hat einen leichten italienischen Akzent.<\/em><\/p><p><strong>Aubergine<\/strong><br \/>Ich wei\u00df eigentlich nicht, warum ich hier bin. Und soweit ich das gecheckt habe, ist der Zeitpunkt f\u00fcr meinen Auftritt viel zu fr\u00fch. Typisch Amateur, aber was will man in Zeiten des Personalmangels auch verlangen. Mein Cousin war einmal im asiatischen Bereich t\u00e4tig und da haben die einen Zinnober um den gemacht, sensationell. In Watte gepackt, langsames gew\u00f6hnen bei Raumtemperatur, damit er nicht ins Schwitzen kommt und vor Schreck bitter wird.<\/p><p>Dabei ist dessen innerer Wert eh immer gatschig, egal wie man ihn behandelt. Der wurde auch ganz sch\u00f6n hochn\u00e4sig. Meinte er sei was Besseres wegen dem Gschass um ihn \u2013 entt\u00e4uscht hat er geschmacklich dann trotzdem und geschoben haben die das dann auf den Koch, der erst 7 Jahre seiner Ausbildung hinter sich hatte\u2026. Quasi ein Frischling.<\/p><p><strong>Lauch<\/strong><br \/>Jetzt lass mal nicht den Depri raush\u00e4ngen, sonst ziehst du den einen oder anderen noch mit in die Verweichlichung. Du bist jetzt halt das Ersatzgem\u00fcse, also find dich ab und mach das Beste daraus \u2013 schmollen bringt nur schlechten Geschmack und den kann ich nicht gebrauchen. Ich finde es toll, dass du da bist.<\/p><p><strong>Aubergine<\/strong><br \/>Warum? Weil ich dann der Grund f\u00fcrs Misslingen bin?<\/p><p><strong>Lauch<\/strong><br \/>Weil tu eine tolle neue Farbe ins Spiel bringst \u2013 hatten wir noch nie. Immer nur gr\u00fcn, wei\u00df, Beige und halt Rot. Ich find deinen dunklen Gothic -Luck erfrischend, aber deine Laune passt nur zur dunklen Seite der Aubergine \u2013 im Inneren sollst du ja einen sehr weichen Kern haben, h\u00f6rt man.<\/p><p>Kontrast halt!!<\/p><p><strong>Aubergine<\/strong><br \/>Der sogenannte weiche Kern hat nicht lange Bestand.<\/p><p><strong>Zucchini<\/strong><br \/>Warum? \u2013 Sorry, wenn ich mich in euer Gespr\u00e4ch einmische, aber ich musste zwangsl\u00e4ufig zuh\u00f6ren:<br \/>Harte Schale, Weicher Kern. \u00c4hnlich wie bei mir, halt nur feste Schale fester Kern \u2026 und der wird oft einfach rausgekratzt.<\/p><p><strong>Aubergine<\/strong><br \/>Ich denke, da unterscheiden wir uns schon massiv. Mein weicher Kern, in dem ich mittels kleinster eingelagerter Spitzfindigkeiten, auch Kerne genannt, die eine oder andere satirische Meldung abgelagert und versteckt habe, haltet es nicht lange an der frischen Luft aus- Die Kerne langweilen sich und machen auch keinen Heel daraus, schlie\u00dflich kann die Stimmungsschwankung auch optisch nicht verl\u00e4ugnet werden. Sie werden braun und unansehnlich, weil sie halt die \u00d6ffentlichkeit scheuen und ihre Privatsph\u00e4re beibehalten wollen.<\/p><p><strong>Zwiebel<\/strong><br \/>Nun ja da hast du einen entscheidenden Vorteil.<\/p><p><strong>Aubergine<\/strong><br \/>Und der der w\u00e4re?<\/p><p><strong>Zwiebel<\/strong><br \/>Sobald man dich geschnitten hat, ist es zu sp\u00e4t. Deine coole dunkle Au\u00dfenoptik zieht an und wenn das Innere vorkommt, nimmt der innere Wandel Fahrt auf. Es sei denn, die Macht der Zitrusfrucht wird angewandt. Die soll dich ja, so h\u00f6rt man, in Schach halten,<\/p><p><strong>Aubergine<\/strong><br \/>Bl\u00f6dsinn! Die Zitronen nehmen sich einfach zu wichtig.<\/p><p><strong>Kartoffel<\/strong><br \/>Ach dann ist dieser Mythos gar nicht wahr? Denn davon hab ich auch schon geh\u00f6rt.<\/p><p><strong>Aubergine<\/strong><br \/>(<em>zur Kartoffel<\/em>)<br \/>Jetzt h\u00f6r dir die an! Wer im Glashaus sitzt!!!! Machst ja selbst keinen guten Eindruck, wenn man nach dem Entkleiden deines Bademantels die Zeit \u00fcbersehen hat und du zu lange im Freien chillst. Ist ja nicht immer Sonnenbrand, was da an der Oberfl\u00e4che sichtbar wird. Hilft dir da nicht auch die magische Kraft der Zitrone?<\/p><p><strong>Kartoffel<\/strong><br \/>Oh eine Schlaubergine. Aber sei doch nicht l\u00e4cherlich \u2013 wir passen schon so \u00fcberhaupt nicht zusammen. Ich bin eher an herben Beziehungen interessiert. Aber sagt jetzt endlich! Lass dir nicht alles aus der Nase ziehen! Hilft dir die Zitrone gegen deine optischen Stimmungsschwankungen?<\/p><p><strong>Aubergine<\/strong><br \/>Ja, ja ist schon gut.<\/p><p>Es beruhigt mich bzw. mein Inneres schon sehr. Wei\u00df auch nicht warum, aber es ist, also ob es den Alterungsprozess verhindert, sieht man ja jeden Tag im Fernseher. Die ganzen Modells die vom w\u00fcrdevollen Altern erz\u00e4hlen und selbst sind sie faltenfrei (noch mit \u00fcber 50!!!)<\/p><p><strong>Zwiebel<\/strong><br \/>Hee, was haben wir denn da? Ein sensibles Gem\u00fcse? Dann bin ich nicht der einzige Romantiker in dieser Runde.<\/p><p><strong>Stangensellerie<\/strong><br \/>(<em>Laut lachend<\/em>)<br \/>Der Witz des Tages. Seit wann bist du denn ein Romantiker. Nur weil du die Leute zu \u201eTr\u00e4nen\u201c r\u00fchrst, hast du noch lange keine zarte Seite.<\/p><p><strong>Wei\u00dfe Zwiebel<\/strong><br \/>Du scheinst in deiner Kindheit einen schlechten Umgang gehabt zu haben und damit dubiosen Gestalten in Kontakt gekommen zu sein? Verwechsle mich nicht mit meinen farblosen Br\u00fcdern, den Gelben, die sind scharf und lassen keine Grade vor Recht ergehen. Die kenne nur eines, Pein und Schmerzen. Die Gang ist echt eine Belastung in unserer Familie. Meine Schwester, die Rote Zwiebel \u2013 die w\u00fcrde auch gut in die Runde passen und die hat so etwas Verbindendes. Die konnte zwischen der Aubergine und dem blassen Rest gut vermitteln.<\/p><p><strong>Tomate<\/strong><br \/>Nein danke! Wir haben hier keine L\u00f6segeldforderungs-Situation, bei der ein Unterh\u00e4ndler ben\u00f6tigt wird.<\/p><p>F\u00fcr die Farbe bin schon immer noch ich zust\u00e4ndig.<\/p><p><strong>Zwiebel<\/strong><br \/>Ach jetzt kommt die Leier schon wieder. H\u00e4tt ich mich doch f\u00fcr die franz\u00f6sische Zwiebelsuppe beworben, dann w\u00e4re ich die Hauptdarstellerin.<\/p><p><strong>Kartoffel<\/strong><br \/>Pfui Teufel! Mit diesem angesoffenen Brot rumh\u00e4ngen und dann noch der K\u00e4se, der meint er muss alles zusammenhalten. Ich hasse Gruppenzwang<\/p><p><strong>Karotte<\/strong> <br \/>(<em>zur Kartoffel<\/em>)<br \/>\u00c4\u00e4h, hast du nicht selbst eine \u201ebindende\u201c Funktion? Wieso willst du denn jetzt den Einzelg\u00e4nger spielen?<\/p><p><strong>Kartoffel<\/strong><br \/>Will ich gar nicht, aber diese st\u00e4ndige \u201e\u00dcberwachung\u201c oder besser gesagt \u201e\u00dcberbackung\u201c seitens des K\u00e4ses ging mir echt auf den Geist und kaum hast du eine L\u00fccke gefunden, schon setzt sich das labbrige Brot dazwischen. Du wirst nie trocken!!! Und als ob das nicht schon genug w\u00e4re, \u00fcberlagert der sch\u2026. K\u00e4se alles, wie in einem kommunistischen \u00dcberwachungsstaat.<\/p><p><strong>Zwiebel<\/strong><br \/>Sorry, wenn ich hier den Gro\u00dfkotz rauslasse, aber was hat eine Kartoffel in einer franz\u00f6sischen Zwiebelsuppe verloren? Ich glaub du phantasierst wohl. Das h\u00e4ttest du wohl gerne \u2013 \u00fcber eine gebundene Kartoffelsuppe bist du sicher noch nie hinausgekommen. Kartoffel, bleib bei deinen Leisten!<\/p><p><strong>Kartoffel<\/strong><br \/>Ich muss nicht in einer Zwiebelsuppe gewesen sein, um das beurteilen zu k\u00f6nnen. Ich hab schon viel gesehen und wenn du es genau wissen willst, hatte ich mal eine Beziehung mit einem Schmelzk\u00e4se. Die Mutter eines Schulfreundes hat uns da mal verkuppelt. War aber nur ein Blind Date in einem Kartoffelgratin, da bin ich dann abgehauen \u2013 das ganze wurde mir zu hei\u00df.<\/p><p><strong>Zucchini<\/strong><br \/>Wieso wollen alle immer nur weg \u2013 ich find\u2019s toll hier. Eine mit der Aubergine nun fast vollst\u00e4ndige Vielfalt, unterschiedliche Einstellungen zum harten oder weichen Kern. Apropos hart. Hat jemand die Nudeln gesehen? Die sollten doch schon l\u00e4ngst hier sein, sonst sind sie wieder mehr als bissfest und ich habe mir schon einmal blaue Flecken geholt, bei einem Bodycheck beim Hineinsch\u00fctten in den Teller -das waren echt harte Jungs.<\/p><p><strong>Stangesellerie<\/strong><br \/>Soweit ich wei\u00df, nehmen die an einem Erasmusprogramm teil, irgendwie Austauschsch\u00fcler oder so.<\/p><p><strong>Tomate<\/strong><br \/>Bitte nicht aus dem Asiatischen Viertel, dann kommen sicher wieder die Glasnudeltanten angeflogen und l\u00e4cheln uns zu tote. Keinen Halt und keinen Geschmack, echter Horror. Mein Freund war da mal in eine dubiose Geschichte verwickelt.<\/p><p>Studenten hatten vergessen, dass das Abendessen auch bedingt, dass man Lebensmittel zu Hause hat. Entweder haben die die dann die Reste von den Vortagen aus den diversen Take-Away Lieferungen verwendet und mit einer Fertigtomatensauce (das Einzige, was da Tomate war, ist die Farbe Tomatenrot) \u00fcbergossen und es dann Fastfood-Spaghetti mit Tomatensauce genannt. Und weil die vorher immer beim Chinesen bestellt haben, waren nat\u00fcrlich unz\u00e4hlige Glasnudeln dabei und den Rest k\u00f6nnt ihr euch denken\u2026Pfui!!!<\/p><p><strong>Karotte<\/strong><br \/>Vielen Dank auch, dass ich jetzt diese Bilder aus meinem Kopf nie mehr rauskriege<\/p><p>Da werde ich doch lieber Babynahrung und nur zu 10% gegessen \u2013 im Biom\u00fcll soll es ja auch ganz nett sein. Zumindest die erste Zeit.\u00a0\ud83d\ude0a<\/p><p><strong>Stangensellerie<\/strong><br \/>Puh, mir reichts jetzt. Die weichliche Stimmung wird sch\u00f6n langsam nicht mehr auszuhalten. Ich check aus und versuche in irgendeinem Smoothie unterzukommen. Tsch\u00fcssle!!<\/p>\t\t\t\t\t\t\t\t<\/div>\n\t\t\t\t<\/div>\n\t\t\t\t<div class=\"elementor-element elementor-element-ff8c743 elementor-align-center elementor-widget elementor-widget-button\" data-id=\"ff8c743\" data-element_type=\"widget\" data-e-type=\"widget\" data-widget_type=\"button.default\">\n\t\t\t\t<div class=\"elementor-widget-container\">\n\t\t\t\t\t\t\t\t\t<div class=\"elementor-button-wrapper\">\n\t\t\t\t\t<a class=\"elementor-button elementor-button-link elementor-size-lg\" href=\"https:\/\/kolpingbuehne-wattens.at\/en\/programmheft\/\">\n\t\t\t\t\t\t<span class=\"elementor-button-content-wrapper\">\n\t\t\t\t\t\t\t\t\t<span class=\"elementor-button-text\">Zur\u00fcck<\/span>\n\t\t\t\t\t<\/span>\n\t\t\t\t\t<\/a>\n\t\t\t\t<\/div>\n\t\t\t\t\t\t\t\t<\/div>\n\t\t\t\t<\/div>\n\t\t\t\t\t<\/div>\n\t\t<\/div>\n\t\t\t\t\t<\/div>\n\t\t<\/section>\n\t\t\t\t<\/div>","protected":false},"excerpt":{"rendered":"<p>Aufstand in der Minestrone ein Drehbuch von Christian Klotz Die Szene spielt in einem Aufstellpool, der einen Kochtopf simuliert. Eventuell Blubberger\u00e4usche im Hintergrund, die das Kochen der Suppe simulieren. Das Gem\u00fcse hat einen leichten italienischen Akzent. AubergineIch wei\u00df eigentlich nicht, warum ich hier bin. Und soweit ich das gecheckt habe, ist der Zeitpunkt f\u00fcr meinen&hellip;&nbsp;<a href=\"https:\/\/kolpingbuehne-wattens.at\/en\/aufstand-in-der-minestrone\/\" class=\"\" rel=\"bookmark\">Read More &raquo;<span class=\"screen-reader-text\">Aufstand in der Minestrone<\/span><\/a><\/p>","protected":false},"author":8,"featured_media":0,"parent":0,"menu_order":0,"comment_status":"closed","ping_status":"closed","template":"page-templates\/template-pagebuilder-full-width.php","meta":{"neve_meta_sidebar":"","neve_meta_container":"","neve_meta_enable_content_width":"","neve_meta_content_width":0,"neve_meta_title_alignment":"","neve_meta_author_avatar":"","neve_post_elements_order":"","neve_meta_disable_header":"","neve_meta_disable_footer":"","neve_meta_disable_title":"","footnotes":""},"class_list":["post-3863","page","type-page","status-publish","hentry"],"jetpack_sharing_enabled":true,"_links":{"self":[{"href":"https:\/\/kolpingbuehne-wattens.at\/en\/wp-json\/wp\/v2\/pages\/3863","targetHints":{"allow":["GET"]}}],"collection":[{"href":"https:\/\/kolpingbuehne-wattens.at\/en\/wp-json\/wp\/v2\/pages"}],"about":[{"href":"https:\/\/kolpingbuehne-wattens.at\/en\/wp-json\/wp\/v2\/types\/page"}],"author":[{"embeddable":true,"href":"https:\/\/kolpingbuehne-wattens.at\/en\/wp-json\/wp\/v2\/users\/8"}],"replies":[{"embeddable":true,"href":"https:\/\/kolpingbuehne-wattens.at\/en\/wp-json\/wp\/v2\/comments?post=3863"}],"version-history":[{"count":13,"href":"https:\/\/kolpingbuehne-wattens.at\/en\/wp-json\/wp\/v2\/pages\/3863\/revisions"}],"predecessor-version":[{"id":3951,"href":"https:\/\/kolpingbuehne-wattens.at\/en\/wp-json\/wp\/v2\/pages\/3863\/revisions\/3951"}],"wp:attachment":[{"href":"https:\/\/kolpingbuehne-wattens.at\/en\/wp-json\/wp\/v2\/media?parent=3863"}],"curies":[{"name":"wp","href":"https:\/\/api.w.org\/{rel}","templated":true}]}}