{"id":1806,"date":"2022-12-08T14:31:05","date_gmt":"2022-12-08T13:31:05","guid":{"rendered":"https:\/\/kolpingbuehne-wattens.at\/?page_id=1806"},"modified":"2023-09-25T22:58:18","modified_gmt":"2023-09-25T20:58:18","slug":"kreuz-und-quer","status":"publish","type":"page","link":"https:\/\/kolpingbuehne-wattens.at\/en\/kreuz-und-quer\/","title":{"rendered":"Kreuz und Quer"},"content":{"rendered":"<div data-elementor-type=\"wp-page\" data-elementor-id=\"1806\" class=\"elementor elementor-1806\">\n\t\t\t\t\t\t<section class=\"elementor-section elementor-top-section elementor-element elementor-element-2f6e2d14 elementor-section-boxed elementor-section-height-default elementor-section-height-default\" data-id=\"2f6e2d14\" data-element_type=\"section\" data-e-type=\"section\">\n\t\t\t\t\t\t<div class=\"elementor-container elementor-column-gap-default\">\n\t\t\t\t\t<div class=\"elementor-column elementor-col-100 elementor-top-column elementor-element elementor-element-56b1b181\" data-id=\"56b1b181\" data-element_type=\"column\" data-e-type=\"column\">\n\t\t\t<div class=\"elementor-widget-wrap elementor-element-populated\">\n\t\t\t\t\t\t<div class=\"elementor-element elementor-element-7c2cef8 elementor-widget elementor-widget-image\" data-id=\"7c2cef8\" data-element_type=\"widget\" data-e-type=\"widget\" data-widget_type=\"image.default\">\n\t\t\t\t<div class=\"elementor-widget-container\">\n\t\t\t\t\t\t\t\t\t\t\t\t\t\t\t<img fetchpriority=\"high\" decoding=\"async\" width=\"2525\" height=\"855\" src=\"https:\/\/kolpingbuehne-wattens.at\/wp-content\/uploads\/2022\/12\/kreuz_und_quer_banner.jpg\" class=\"attachment-full size-full wp-image-1808\" alt=\"\" srcset=\"https:\/\/kolpingbuehne-wattens.at\/wp-content\/uploads\/2022\/12\/kreuz_und_quer_banner.jpg 2525w, https:\/\/kolpingbuehne-wattens.at\/wp-content\/uploads\/2022\/12\/kreuz_und_quer_banner-300x102.jpg 300w, https:\/\/kolpingbuehne-wattens.at\/wp-content\/uploads\/2022\/12\/kreuz_und_quer_banner-1024x347.jpg 1024w, https:\/\/kolpingbuehne-wattens.at\/wp-content\/uploads\/2022\/12\/kreuz_und_quer_banner-768x260.jpg 768w, https:\/\/kolpingbuehne-wattens.at\/wp-content\/uploads\/2022\/12\/kreuz_und_quer_banner-1536x520.jpg 1536w, https:\/\/kolpingbuehne-wattens.at\/wp-content\/uploads\/2022\/12\/kreuz_und_quer_banner-2048x693.jpg 2048w, https:\/\/kolpingbuehne-wattens.at\/wp-content\/uploads\/2022\/12\/kreuz_und_quer_banner-18x6.jpg 18w, https:\/\/kolpingbuehne-wattens.at\/wp-content\/uploads\/2022\/12\/kreuz_und_quer_banner-1320x447.jpg 1320w, https:\/\/kolpingbuehne-wattens.at\/wp-content\/uploads\/2022\/12\/kreuz_und_quer_banner-600x203.jpg 600w\" sizes=\"(max-width: 2525px) 100vw, 2525px\" \/>\t\t\t\t\t\t\t\t\t\t\t\t\t\t\t<\/div>\n\t\t\t\t<\/div>\n\t\t\t\t<div class=\"elementor-element elementor-element-6e9d092 elementor-widget elementor-widget-heading\" data-id=\"6e9d092\" data-element_type=\"widget\" data-e-type=\"widget\" data-widget_type=\"heading.default\">\n\t\t\t\t<div class=\"elementor-widget-container\">\n\t\t\t\t\t<h2 class=\"elementor-heading-title elementor-size-medium\">Von der Idee bis zur Umsetzung<\/h2>\t\t\t\t<\/div>\n\t\t\t\t<\/div>\n\t\t\t\t<div class=\"elementor-element elementor-element-81be1c5 elementor-widget elementor-widget-text-editor\" data-id=\"81be1c5\" data-element_type=\"widget\" data-e-type=\"widget\" data-widget_type=\"text-editor.default\">\n\t\t\t\t<div class=\"elementor-widget-container\">\n\t\t\t\t\t\t\t\t\t<p>Zum 10. mal j\u00e4hrt dich heuer jener Tag an dem Pater Jakob Gapp von Papst Johannes Paul II. selig gesprochen wurde. Mit der Verwirklichung eines Theater Projektes wollen wir einen kleinen Ankn\u00fcpfungspunkt an die Begeisterung und auch an die Betroffenheit schaffen, die wir alle im November 1996 anl\u00e4sslich der Seligsprechung empfunden haben. Gen\u00e4hrt von der Neugier, was uns Gapp wohl heute noch zu sagen h\u00e4tte, war die Idee ein zeitgem\u00e4\u00dfes Theaterst\u00fcck zu schaffen eine von vielen, die im Arbeitskreis Jakob Gapp der Katholischen Arbeitnehmerbewegung entstanden ist. Jakob Gapp ist ja seit 2002 zweiter Patron dieser Bewegung.<\/p><p>Der Wattener Autor Thomas Gassner, die Kolpingb\u00fchne Wattens und der Theaterverein Wattenberg haben die Idee in sehr ansprechender Form umgesetzt und laden sehr herzlich zum Besuch ein. Wir bedanken und bei den vielen F\u00f6rderern und Sponsoren f\u00fcr die Erm\u00f6glichung des Projektes.<\/p>\t\t\t\t\t\t\t\t<\/div>\n\t\t\t\t<\/div>\n\t\t\t\t<div class=\"elementor-element elementor-element-973773b elementor-widget elementor-widget-heading\" data-id=\"973773b\" data-element_type=\"widget\" data-e-type=\"widget\" data-widget_type=\"heading.default\">\n\t\t\t\t<div class=\"elementor-widget-container\">\n\t\t\t\t\t<h2 class=\"elementor-heading-title elementor-size-medium\">Mitwirkende<\/h2>\t\t\t\t<\/div>\n\t\t\t\t<\/div>\n\t\t\t\t<section class=\"elementor-section elementor-inner-section elementor-element elementor-element-8c11be5 elementor-section-boxed elementor-section-height-default elementor-section-height-default\" data-id=\"8c11be5\" data-element_type=\"section\" data-e-type=\"section\">\n\t\t\t\t\t\t<div class=\"elementor-container elementor-column-gap-default\">\n\t\t\t\t\t<div class=\"elementor-column elementor-col-50 elementor-inner-column elementor-element elementor-element-08c35fa\" data-id=\"08c35fa\" data-element_type=\"column\" data-e-type=\"column\">\n\t\t\t<div class=\"elementor-widget-wrap elementor-element-populated\">\n\t\t\t\t\t\t<div class=\"elementor-element elementor-element-801f38c elementor-widget elementor-widget-text-editor\" data-id=\"801f38c\" data-element_type=\"widget\" data-e-type=\"widget\" data-widget_type=\"text-editor.default\">\n\t\t\t\t<div class=\"elementor-widget-container\">\n\t\t\t\t\t\t\t\t\t<p>Inszenierung<\/p><p>Pater Jakob Gapp<\/p>\t\t\t\t\t\t\t\t<\/div>\n\t\t\t\t<\/div>\n\t\t\t\t\t<\/div>\n\t\t<\/div>\n\t\t\t\t<div class=\"elementor-column elementor-col-50 elementor-inner-column elementor-element elementor-element-acae60f\" data-id=\"acae60f\" data-element_type=\"column\" data-e-type=\"column\">\n\t\t\t<div class=\"elementor-widget-wrap elementor-element-populated\">\n\t\t\t\t\t\t<div class=\"elementor-element elementor-element-a026ee2 elementor-widget elementor-widget-text-editor\" data-id=\"a026ee2\" data-element_type=\"widget\" data-e-type=\"widget\" data-widget_type=\"text-editor.default\">\n\t\t\t\t<div class=\"elementor-widget-container\">\n\t\t\t\t\t\t\t\t\t<p>Thomas Gassner<\/p><p>Wolfgang Scheiber<\/p>\t\t\t\t\t\t\t\t<\/div>\n\t\t\t\t<\/div>\n\t\t\t\t\t<\/div>\n\t\t<\/div>\n\t\t\t\t\t<\/div>\n\t\t<\/section>\n\t\t\t\t<div class=\"elementor-element elementor-element-e031417 elementor-widget elementor-widget-text-editor\" data-id=\"e031417\" data-element_type=\"widget\" data-e-type=\"widget\" data-widget_type=\"text-editor.default\">\n\t\t\t\t<div class=\"elementor-widget-container\">\n\t\t\t\t\t\t\t\t\t<p>Weiters:<br \/>Roland Egger, Robert Egger, Toni Gei\u00dfler, Barbara Hecher-Haag, Konrad Heumader, Anja Pittl, Pascal Mautner, Hartmann Schmadl, Martin Egger, Viktoria Knapp, Helene Mautner, Kristin Planckh, Franz Schmadl, Thomas Strolz, Angela Geisler, Herbert Dorfer, Mario Hutter, Silvia Huber, Stefanie Junker, Birgit Klotz<\/p>\t\t\t\t\t\t\t\t<\/div>\n\t\t\t\t<\/div>\n\t\t\t\t<div class=\"elementor-element elementor-element-d96fd6a elementor-widget elementor-widget-heading\" data-id=\"d96fd6a\" data-element_type=\"widget\" data-e-type=\"widget\" data-widget_type=\"heading.default\">\n\t\t\t\t<div class=\"elementor-widget-container\">\n\t\t\t\t\t<h2 class=\"elementor-heading-title elementor-size-medium\">Gedanken des Autors<\/h2>\t\t\t\t<\/div>\n\t\t\t\t<\/div>\n\t\t\t\t<div class=\"elementor-element elementor-element-e58c152 elementor-widget elementor-widget-text-editor\" data-id=\"e58c152\" data-element_type=\"widget\" data-e-type=\"widget\" data-widget_type=\"text-editor.default\">\n\t\t\t\t<div class=\"elementor-widget-container\">\n\t\t\t\t\t\t\t\t\t<p>Das St\u00fcck erz\u00e4hlt die letzten Stunden seines Lebens in der Todeszelle in Berlin\/Pl\u00f6tzensee, wo er auf seine Hinrichtung durch die Nazis wartet. Dazwischen werden Szenen aus der Vergangenheit, Gegenwart und Zukunft Gapps gespielt. Geschichten aus dem Alltag, die entweder den Geist Gapps oder die Umst\u00e4nde seines und anderer Schicksale widerspiegeln. Ich will auch nicht nur sein couragiertes Handeln nachvollziehen, sondern auch jene zu Wort kommen lassen, die diesen Mut nicht aufbringen k\u00f6nnen. Solidarit\u00e4t, Trauer, tiefer Glaube, N\u00e4chstenliebe, Sturheit, Toleranz und Mut sind jene Eigenschaften, die Pater Gapp das Leben kosteten. Die Auseinandersetzung mit dem nationalsozialistischen Regime ist hierbei unerl\u00e4sslich. Die Besch\u00e4ftigung mit der Tatsache, dass das gro\u00dfe Dritte Reich auch in meiner kleinen Heimatgemeinde allgegenw\u00e4rtig war, hat meine Faszination bez\u00fcglich dieses Stoffes nat\u00fcrlich erh\u00f6ht, zumal man ja \u00fcber diese Zeit fast nichts gelernt und schon gar nichts erfahren hat.<\/p><p><em>Thomas Gassner, Autor<\/em><\/p>\t\t\t\t\t\t\t\t<\/div>\n\t\t\t\t<\/div>\n\t\t\t\t<div class=\"elementor-element elementor-element-f194161 elementor-widget elementor-widget-heading\" data-id=\"f194161\" data-element_type=\"widget\" data-e-type=\"widget\" data-widget_type=\"heading.default\">\n\t\t\t\t<div class=\"elementor-widget-container\">\n\t\t\t\t\t<h2 class=\"elementor-heading-title elementor-size-medium\">Einblicke<\/h2>\t\t\t\t<\/div>\n\t\t\t\t<\/div>\n\t\t\t\t<div class=\"elementor-element elementor-element-76ecbf65 elementor-arrows-position-inside elementor-pagination-position-outside elementor-widget elementor-widget-image-carousel\" data-id=\"76ecbf65\" data-element_type=\"widget\" data-e-type=\"widget\" data-settings=\"{&quot;navigation&quot;:&quot;both&quot;,&quot;autoplay&quot;:&quot;yes&quot;,&quot;pause_on_hover&quot;:&quot;yes&quot;,&quot;pause_on_interaction&quot;:&quot;yes&quot;,&quot;autoplay_speed&quot;:5000,&quot;infinite&quot;:&quot;yes&quot;,&quot;speed&quot;:500}\" data-widget_type=\"image-carousel.default\">\n\t\t\t\t<div class=\"elementor-widget-container\">\n\t\t\t\t\t\t\t<div class=\"elementor-image-carousel-wrapper swiper\" role=\"region\" aria-roledescription=\"carousel\" aria-label=\"Image Carousel\" dir=\"ltr\">\n\t\t\t<div class=\"elementor-image-carousel swiper-wrapper\" aria-live=\"off\">\n\t\t\t\t\t\t\t\t<div class=\"swiper-slide\" role=\"group\" aria-roledescription=\"slide\" aria-label=\"1 of 3\"><a data-elementor-open-lightbox=\"yes\" data-elementor-lightbox-slideshow=\"76ecbf65\" data-elementor-lightbox-title=\"kreuzundquer_1\" data-e-action-hash=\"#elementor-action%3Aaction%3Dlightbox%26settings%3DeyJpZCI6MTgxMCwidXJsIjoiaHR0cHM6XC9cL2tvbHBpbmdidWVobmUtd2F0dGVucy5hdFwvd3AtY29udGVudFwvdXBsb2Fkc1wvMjAyMlwvMTJcL2tyZXV6dW5kcXVlcl8xLXNjYWxlZC5qcGciLCJzbGlkZXNob3ciOiI3NmVjYmY2NSJ9\" href=\"https:\/\/kolpingbuehne-wattens.at\/wp-content\/uploads\/2022\/12\/kreuzundquer_1-scaled.jpg\"><figure class=\"swiper-slide-inner\"><img decoding=\"async\" class=\"swiper-slide-image\" src=\"https:\/\/kolpingbuehne-wattens.at\/wp-content\/uploads\/elementor\/thumbs\/kreuzundquer_1-scaled-pyv2tegrnp460c0s7g3ugup07wylyscbz8vz79kfn0.jpg\" alt=\"kreuzundquer_1\" \/><\/figure><\/a><\/div><div class=\"swiper-slide\" role=\"group\" aria-roledescription=\"slide\" aria-label=\"2 of 3\"><a data-elementor-open-lightbox=\"yes\" data-elementor-lightbox-slideshow=\"76ecbf65\" data-elementor-lightbox-title=\"kreuzundquer_2\" data-e-action-hash=\"#elementor-action%3Aaction%3Dlightbox%26settings%3DeyJpZCI6MTgxMiwidXJsIjoiaHR0cHM6XC9cL2tvbHBpbmdidWVobmUtd2F0dGVucy5hdFwvd3AtY29udGVudFwvdXBsb2Fkc1wvMjAyMlwvMTJcL2tyZXV6dW5kcXVlcl8yLXNjYWxlZC5qcGciLCJzbGlkZXNob3ciOiI3NmVjYmY2NSJ9\" href=\"https:\/\/kolpingbuehne-wattens.at\/wp-content\/uploads\/2022\/12\/kreuzundquer_2-scaled.jpg\"><figure class=\"swiper-slide-inner\"><img decoding=\"async\" class=\"swiper-slide-image\" src=\"https:\/\/kolpingbuehne-wattens.at\/wp-content\/uploads\/elementor\/thumbs\/kreuzundquer_2-scaled-pyv2toszqvibk1lrj2kqqa32r5jnbghdoo2bhb53qk.jpg\" alt=\"kreuzundquer_2\" \/><\/figure><\/a><\/div><div class=\"swiper-slide\" role=\"group\" aria-roledescription=\"slide\" aria-label=\"3 of 3\"><a data-elementor-open-lightbox=\"yes\" data-elementor-lightbox-slideshow=\"76ecbf65\" data-elementor-lightbox-title=\"kreuzundquer_3\" data-e-action-hash=\"#elementor-action%3Aaction%3Dlightbox%26settings%3DeyJpZCI6MTgxNCwidXJsIjoiaHR0cHM6XC9cL2tvbHBpbmdidWVobmUtd2F0dGVucy5hdFwvd3AtY29udGVudFwvdXBsb2Fkc1wvMjAyMlwvMTJcL2tyZXV6dW5kcXVlcl8zLXNjYWxlZC5qcGciLCJzbGlkZXNob3ciOiI3NmVjYmY2NSJ9\" href=\"https:\/\/kolpingbuehne-wattens.at\/wp-content\/uploads\/2022\/12\/kreuzundquer_3-scaled.jpg\"><figure class=\"swiper-slide-inner\"><img decoding=\"async\" class=\"swiper-slide-image\" src=\"https:\/\/kolpingbuehne-wattens.at\/wp-content\/uploads\/elementor\/thumbs\/kreuzundquer_3-scaled-pyv2ty7dn7v6s58406n0f7pop09bgfip1yl6a2r60c.jpg\" alt=\"kreuzundquer_3\" \/><\/figure><\/a><\/div>\t\t\t<\/div>\n\t\t\t\t\t\t\t\t\t\t\t\t<div class=\"elementor-swiper-button elementor-swiper-button-prev\" role=\"button\" tabindex=\"0\">\n\t\t\t\t\t\t<i aria-hidden=\"true\" class=\"eicon-chevron-left\"><\/i>\t\t\t\t\t<\/div>\n\t\t\t\t\t<div class=\"elementor-swiper-button elementor-swiper-button-next\" role=\"button\" tabindex=\"0\">\n\t\t\t\t\t\t<i aria-hidden=\"true\" class=\"eicon-chevron-right\"><\/i>\t\t\t\t\t<\/div>\n\t\t\t\t\n\t\t\t\t\t\t\t\t\t<div class=\"swiper-pagination\"><\/div>\n\t\t\t\t\t\t\t\t\t<\/div>\n\t\t\t\t\t\t<\/div>\n\t\t\t\t<\/div>\n\t\t\t\t\t<\/div>\n\t\t<\/div>\n\t\t\t\t\t<\/div>\n\t\t<\/section>\n\t\t\t\t<\/div>","protected":false},"excerpt":{"rendered":"<p>Von der Idee bis zur Umsetzung Zum 10. mal j\u00e4hrt dich heuer jener Tag an dem Pater Jakob Gapp von Papst Johannes Paul II. selig gesprochen wurde. Mit der Verwirklichung eines Theater Projektes wollen wir einen kleinen Ankn\u00fcpfungspunkt an die Begeisterung und auch an die Betroffenheit schaffen, die wir alle im November 1996 anl\u00e4sslich der&hellip;&nbsp;<a href=\"https:\/\/kolpingbuehne-wattens.at\/en\/kreuz-und-quer\/\" class=\"\" rel=\"bookmark\">Read More &raquo;<span class=\"screen-reader-text\">Kreuz und Quer<\/span><\/a><\/p>","protected":false},"author":2,"featured_media":0,"parent":0,"menu_order":0,"comment_status":"closed","ping_status":"closed","template":"","meta":{"neve_meta_sidebar":"","neve_meta_container":"","neve_meta_enable_content_width":"","neve_meta_content_width":0,"neve_meta_title_alignment":"","neve_meta_author_avatar":"","neve_post_elements_order":"","neve_meta_disable_header":"","neve_meta_disable_footer":"","neve_meta_disable_title":"","footnotes":""},"class_list":["post-1806","page","type-page","status-publish","hentry"],"jetpack_sharing_enabled":true,"_links":{"self":[{"href":"https:\/\/kolpingbuehne-wattens.at\/en\/wp-json\/wp\/v2\/pages\/1806","targetHints":{"allow":["GET"]}}],"collection":[{"href":"https:\/\/kolpingbuehne-wattens.at\/en\/wp-json\/wp\/v2\/pages"}],"about":[{"href":"https:\/\/kolpingbuehne-wattens.at\/en\/wp-json\/wp\/v2\/types\/page"}],"author":[{"embeddable":true,"href":"https:\/\/kolpingbuehne-wattens.at\/en\/wp-json\/wp\/v2\/users\/2"}],"replies":[{"embeddable":true,"href":"https:\/\/kolpingbuehne-wattens.at\/en\/wp-json\/wp\/v2\/comments?post=1806"}],"version-history":[{"count":7,"href":"https:\/\/kolpingbuehne-wattens.at\/en\/wp-json\/wp\/v2\/pages\/1806\/revisions"}],"predecessor-version":[{"id":2774,"href":"https:\/\/kolpingbuehne-wattens.at\/en\/wp-json\/wp\/v2\/pages\/1806\/revisions\/2774"}],"wp:attachment":[{"href":"https:\/\/kolpingbuehne-wattens.at\/en\/wp-json\/wp\/v2\/media?parent=1806"}],"curies":[{"name":"wp","href":"https:\/\/api.w.org\/{rel}","templated":true}]}}