{"id":1448,"date":"2022-11-15T08:22:08","date_gmt":"2022-11-15T07:22:08","guid":{"rendered":"https:\/\/kolpingbuehne-wattens.at\/?page_id=1448"},"modified":"2023-10-08T10:58:00","modified_gmt":"2023-10-08T08:58:00","slug":"der-granitblock","status":"publish","type":"page","link":"https:\/\/kolpingbuehne-wattens.at\/en\/der-granitblock\/","title":{"rendered":"Der Granitblock"},"content":{"rendered":"<div data-elementor-type=\"wp-page\" data-elementor-id=\"1448\" class=\"elementor elementor-1448\">\n\t\t\t\t\t\t<section class=\"elementor-section elementor-top-section elementor-element elementor-element-2f6e2d14 elementor-section-boxed elementor-section-height-default elementor-section-height-default\" data-id=\"2f6e2d14\" data-element_type=\"section\" data-e-type=\"section\">\n\t\t\t\t\t\t<div class=\"elementor-container elementor-column-gap-default\">\n\t\t\t\t\t<div class=\"elementor-column elementor-col-100 elementor-top-column elementor-element elementor-element-56b1b181\" data-id=\"56b1b181\" data-element_type=\"column\" data-e-type=\"column\">\n\t\t\t<div class=\"elementor-widget-wrap elementor-element-populated\">\n\t\t\t\t\t\t<div class=\"elementor-element elementor-element-384c781 elementor-widget elementor-widget-heading\" data-id=\"384c781\" data-element_type=\"widget\" data-e-type=\"widget\" data-widget_type=\"heading.default\">\n\t\t\t\t<div class=\"elementor-widget-container\">\n\t\t\t\t\t<h2 class=\"elementor-heading-title elementor-size-medium\">Inhalt<\/h2>\t\t\t\t<\/div>\n\t\t\t\t<\/div>\n\t\t\t\t<div class=\"elementor-element elementor-element-97cde66 elementor-widget elementor-widget-text-editor\" data-id=\"97cde66\" data-element_type=\"widget\" data-e-type=\"widget\" data-widget_type=\"text-editor.default\">\n\t\t\t\t<div class=\"elementor-widget-container\">\n\t\t\t\t\t\t\t\t\t<p>Am Samstagnachmittag, den 10.12.1938 sitzen in einem Wattner Gasthaus nach einer Taufe noch ein paar G\u00e4ste beisammen. Das Gespr\u00e4ch dreht sich bald um den Wattner Priester Jakob Gapp, der zu Besuch im Dorf weilt. Begleitet vom Kaplan kommt Pater Gapp, um mit seinen Bekannten etwas zu \u201ehoangasten\u201c. Da der Ordensgeistliche mit seiner Meinung \u00fcber die Regierung nicht hinterm Berg h\u00e4lt, kommt es zur Konfrontation mit den im Gasthaus anwesenden Parteigenossen. Weil sie mith\u00f6ren, dass der Pater den morgigen Adventgottesdienst abh\u00e4lt, beschlie\u00dfen sie eine St\u00f6raktion w\u00e4hrend des Gottesdienstes.<br \/>Am darauffolgenden Sonntag, vor der Laurentiuskirche: Es kommt zu Streitereien zwischen den St\u00f6rungswilligen und den Kirchenbesuchern. Die Predigt, deren Worte nach au\u00dfen dringen, l\u00e4sst die Gespr\u00e4che verstummen. F\u00fcr die Genossen fallen dabei ungeheuerliche Worte. Die Messe endet in einem Tumult und Pater Gapp begibt sich erneut auf die Flucht.<br \/>Der dritte Akt beginnt mit der Einvernahme des Tiroler Priesters durch Reg.-Rat Neuhaus in Berlin. Im Herbst 1942 ins besetzte Frankreich gelockt, war der Geistliche in der Zwischenzeit verhaftet worden. Er wird dem Volksgerichtshof in Berlin \u00fcberstellt und im 2. Bild durch den Reichsgerichtspr\u00e4sidenten Dr. Roland Freisler wegen Landesverrates zum Tag verurteilt.<br \/>Kurz vor seiner Hinrichtung durch das Fallbeil erleben wir Pater Jakob Gapp im 3. Bild. Er verfasst seine beiden letzten Briefe, verliest das Schreiben an seine Verwandten in Wattens und geht am Freitag, den 13.August 1943 \u201eruhig und gefasst\u201c zum Schafott.<br \/>\u201eEr lie\u00df sich ohne Wiederstreben auf das Fallbeilger\u00e4t legen, worauf der Scharfrichter die Enthauptung vornahm.\u201c Die Vollstreckung dauerte von der Vorf\u00fchrung bis zur Vollzugsmeldung 9 Sekunden.<br \/>Am 24. November 1996 wurde Pater Jakob Gapp durch den Heiligen Vater seliggesprochen.<\/p>\t\t\t\t\t\t\t\t<\/div>\n\t\t\t\t<\/div>\n\t\t\t\t<div class=\"elementor-element elementor-element-bba1ef8 elementor-widget elementor-widget-heading\" data-id=\"bba1ef8\" data-element_type=\"widget\" data-e-type=\"widget\" data-widget_type=\"heading.default\">\n\t\t\t\t<div class=\"elementor-widget-container\">\n\t\t\t\t\t<h2 class=\"elementor-heading-title elementor-size-medium\">Mitwirkende<\/h2>\t\t\t\t<\/div>\n\t\t\t\t<\/div>\n\t\t\t\t<section class=\"elementor-section elementor-inner-section elementor-element elementor-element-8e2fb4d elementor-section-boxed elementor-section-height-default elementor-section-height-default\" data-id=\"8e2fb4d\" data-element_type=\"section\" data-e-type=\"section\">\n\t\t\t\t\t\t<div class=\"elementor-container elementor-column-gap-default\">\n\t\t\t\t\t<div class=\"elementor-column elementor-col-50 elementor-inner-column elementor-element elementor-element-5dfd021\" data-id=\"5dfd021\" data-element_type=\"column\" data-e-type=\"column\">\n\t\t\t<div class=\"elementor-widget-wrap elementor-element-populated\">\n\t\t\t\t\t\t<div class=\"elementor-element elementor-element-f97fc38 elementor-widget elementor-widget-text-editor\" data-id=\"f97fc38\" data-element_type=\"widget\" data-e-type=\"widget\" data-widget_type=\"text-editor.default\">\n\t\t\t\t<div class=\"elementor-widget-container\">\n\t\t\t\t\t\t\t\t\t<p>Pater Jakob Gapp<br>Kaplan<br>Hans, ein Wattner B\u00fcrger<br>Leni, seine Frau<br>Liesl, beider Tochter<br>Hermann, Wattner B\u00fcrger<br>Loisl, sein Sohn<br>Marianne, Wattnerin<br>Nachbarin; Wattnerin<br>Nachbar, Wattner<br>Wirt, Wattner<br>ein Innsbrucker<br>der Eine<br>der Andere<br>ein Musikant<br>Gestapo-Agent<br>Reg.-Rat Dr. Neuhaus<br>Gerichtspr\u00e4sident Dr. Freisler<br>Ministranten (Gerichtsdiener)<\/p>\n<p>Regie<br>Souffleuse<br>B\u00fchnenbild<br>Beleuchtung<br>Maske<\/p>\n<p>Ton<br>Chronist<\/p>\n<p><\/p>\t\t\t\t\t\t\t\t<\/div>\n\t\t\t\t<\/div>\n\t\t\t\t\t<\/div>\n\t\t<\/div>\n\t\t\t\t<div class=\"elementor-column elementor-col-50 elementor-inner-column elementor-element elementor-element-e994fda\" data-id=\"e994fda\" data-element_type=\"column\" data-e-type=\"column\">\n\t\t\t<div class=\"elementor-widget-wrap elementor-element-populated\">\n\t\t\t\t\t\t<div class=\"elementor-element elementor-element-e0e881e elementor-widget elementor-widget-text-editor\" data-id=\"e0e881e\" data-element_type=\"widget\" data-e-type=\"widget\" data-widget_type=\"text-editor.default\">\n\t\t\t\t<div class=\"elementor-widget-container\">\n\t\t\t\t\t\t\t\t\t<p>Wolfgang Scheiber<br \/>Franz Schmadl<br \/>Toni Gei\u00dfler<br \/>Helene Mautner<br \/>Patricia Egger<br \/>Roland Egger<br \/>Pascal Mautner<br \/>Sylvia Ferrari<br \/>Maria Schmadl<br \/>Herbert Steinlechner<br \/>Hartmann Schmadl<br \/>Robert Egger<br \/>Franz Perktold<br \/>Herbert Stock<br \/>Otto Schmid<br \/>Max Mader<br \/>Reiner Bachor<br \/>Joseph Rossa<br \/>Christian Tschugg<br \/>Reinhard Tschugg<\/p><p>Joseph Rossa<br \/>Christl Wopfner<br \/>Wolfgang Scheiber<br \/>Herbert Dorfer<br \/>Viktoria Knapp<br \/>Elvira Scheiber<br \/>Gabor Gunda<br \/>Franz Xaver Sch\u00e4dle<\/p>\t\t\t\t\t\t\t\t<\/div>\n\t\t\t\t<\/div>\n\t\t\t\t\t<\/div>\n\t\t<\/div>\n\t\t\t\t\t<\/div>\n\t\t<\/section>\n\t\t\t\t<div class=\"elementor-element elementor-element-b34cc51 elementor-widget elementor-widget-heading\" data-id=\"b34cc51\" data-element_type=\"widget\" data-e-type=\"widget\" data-widget_type=\"heading.default\">\n\t\t\t\t<div class=\"elementor-widget-container\">\n\t\t\t\t\t<h2 class=\"elementor-heading-title elementor-size-medium\">Einblicke<\/h2>\t\t\t\t<\/div>\n\t\t\t\t<\/div>\n\t\t\t\t<div class=\"elementor-element elementor-element-76ecbf65 elementor-arrows-position-inside elementor-pagination-position-outside elementor-widget elementor-widget-image-carousel\" data-id=\"76ecbf65\" data-element_type=\"widget\" data-e-type=\"widget\" data-settings=\"{&quot;navigation&quot;:&quot;both&quot;,&quot;autoplay&quot;:&quot;yes&quot;,&quot;pause_on_hover&quot;:&quot;yes&quot;,&quot;pause_on_interaction&quot;:&quot;yes&quot;,&quot;autoplay_speed&quot;:5000,&quot;infinite&quot;:&quot;yes&quot;,&quot;speed&quot;:500}\" data-widget_type=\"image-carousel.default\">\n\t\t\t\t<div class=\"elementor-widget-container\">\n\t\t\t\t\t\t\t<div class=\"elementor-image-carousel-wrapper swiper\" role=\"region\" aria-roledescription=\"carousel\" aria-label=\"Bild Karussell\" dir=\"ltr\">\n\t\t\t<div class=\"elementor-image-carousel swiper-wrapper\" aria-live=\"off\">\n\t\t\t\t\t\t\t\t<div class=\"swiper-slide\" role=\"group\" aria-roledescription=\"slide\" aria-label=\"1 von 3\"><a data-elementor-open-lightbox=\"yes\" data-elementor-lightbox-slideshow=\"76ecbf65\" data-elementor-lightbox-title=\"Granitblock1\" data-e-action-hash=\"#elementor-action%3Aaction%3Dlightbox%26settings%3DeyJpZCI6MTQ2MCwidXJsIjoiaHR0cHM6XC9cL2tvbHBpbmdidWVobmUtd2F0dGVucy5hdFwvd3AtY29udGVudFwvdXBsb2Fkc1wvMjAyMlwvMTFcL0dyYW5pdGJsb2NrMS5qcGciLCJzbGlkZXNob3ciOiI3NmVjYmY2NSJ9\" href=\"https:\/\/kolpingbuehne-wattens.at\/wp-content\/uploads\/2022\/11\/Granitblock1.jpg\"><figure class=\"swiper-slide-inner\"><img decoding=\"async\" class=\"swiper-slide-image\" src=\"https:\/\/kolpingbuehne-wattens.at\/wp-content\/uploads\/elementor\/thumbs\/Granitblock1-pxqlmu9gulat2v0bcy1nzl5taaj5vxho9h4wx2edd8.jpg\" alt=\"Granitblock1\" \/><\/figure><\/a><\/div><div class=\"swiper-slide\" role=\"group\" aria-roledescription=\"slide\" aria-label=\"2 von 3\"><a data-elementor-open-lightbox=\"yes\" data-elementor-lightbox-slideshow=\"76ecbf65\" data-elementor-lightbox-title=\"Granitblock2\" data-e-action-hash=\"#elementor-action%3Aaction%3Dlightbox%26settings%3DeyJpZCI6MTQ2MSwidXJsIjoiaHR0cHM6XC9cL2tvbHBpbmdidWVobmUtd2F0dGVucy5hdFwvd3AtY29udGVudFwvdXBsb2Fkc1wvMjAyMlwvMTFcL0dyYW5pdGJsb2NrMi5qcGciLCJzbGlkZXNob3ciOiI3NmVjYmY2NSJ9\" href=\"https:\/\/kolpingbuehne-wattens.at\/wp-content\/uploads\/2022\/11\/Granitblock2.jpg\"><figure class=\"swiper-slide-inner\"><img decoding=\"async\" class=\"swiper-slide-image\" src=\"https:\/\/kolpingbuehne-wattens.at\/wp-content\/uploads\/elementor\/thumbs\/Granitblock2-pxqlmyynsrh8owthli2su1z497vzyf0by4ecbg7ei4.jpg\" alt=\"Granitblock2\" \/><\/figure><\/a><\/div><div class=\"swiper-slide\" role=\"group\" aria-roledescription=\"slide\" aria-label=\"3 von 3\"><a data-elementor-open-lightbox=\"yes\" data-elementor-lightbox-slideshow=\"76ecbf65\" data-elementor-lightbox-title=\"Granitblock4\" data-e-action-hash=\"#elementor-action%3Aaction%3Dlightbox%26settings%3DeyJpZCI6MTQ2MiwidXJsIjoiaHR0cHM6XC9cL2tvbHBpbmdidWVobmUtd2F0dGVucy5hdFwvd3AtY29udGVudFwvdXBsb2Fkc1wvMjAyMlwvMTFcL0dyYW5pdGJsb2NrNC5qcGciLCJzbGlkZXNob3ciOiI3NmVjYmY2NSJ9\" href=\"https:\/\/kolpingbuehne-wattens.at\/wp-content\/uploads\/2022\/11\/Granitblock4.jpg\"><figure class=\"swiper-slide-inner\"><img decoding=\"async\" class=\"swiper-slide-image\" src=\"https:\/\/kolpingbuehne-wattens.at\/wp-content\/uploads\/elementor\/thumbs\/Granitblock4-pxqln5jj4lq8y6jxj2x6tibcewzkgaqgb0yqodxnak.jpg\" alt=\"Granitblock4\" \/><\/figure><\/a><\/div>\t\t\t<\/div>\n\t\t\t\t\t\t\t\t\t\t\t\t<div class=\"elementor-swiper-button elementor-swiper-button-prev\" role=\"button\" tabindex=\"0\">\n\t\t\t\t\t\t<i aria-hidden=\"true\" class=\"eicon-chevron-left\"><\/i>\t\t\t\t\t<\/div>\n\t\t\t\t\t<div class=\"elementor-swiper-button elementor-swiper-button-next\" role=\"button\" tabindex=\"0\">\n\t\t\t\t\t\t<i aria-hidden=\"true\" class=\"eicon-chevron-right\"><\/i>\t\t\t\t\t<\/div>\n\t\t\t\t\n\t\t\t\t\t\t\t\t\t<div class=\"swiper-pagination\"><\/div>\n\t\t\t\t\t\t\t\t\t<\/div>\n\t\t\t\t\t\t<\/div>\n\t\t\t\t<\/div>\n\t\t\t\t\t<\/div>\n\t\t<\/div>\n\t\t\t\t\t<\/div>\n\t\t<\/section>\n\t\t\t\t<\/div>","protected":false},"excerpt":{"rendered":"<p>Inhalt Am Samstagnachmittag, den 10.12.1938 sitzen in einem Wattner Gasthaus nach einer Taufe noch ein paar G\u00e4ste beisammen. Das Gespr\u00e4ch dreht sich bald um den Wattner Priester Jakob Gapp, der zu Besuch im Dorf weilt. Begleitet vom Kaplan kommt Pater Gapp, um mit seinen Bekannten etwas zu \u201ehoangasten\u201c. Da der Ordensgeistliche mit seiner Meinung \u00fcber&hellip;&nbsp;<a href=\"https:\/\/kolpingbuehne-wattens.at\/en\/der-granitblock\/\" class=\"\" rel=\"bookmark\">Read More &raquo;<span class=\"screen-reader-text\">Der Granitblock<\/span><\/a><\/p>","protected":false},"author":2,"featured_media":0,"parent":0,"menu_order":0,"comment_status":"closed","ping_status":"closed","template":"","meta":{"neve_meta_sidebar":"","neve_meta_container":"","neve_meta_enable_content_width":"","neve_meta_content_width":0,"neve_meta_title_alignment":"","neve_meta_author_avatar":"","neve_post_elements_order":"","neve_meta_disable_header":"","neve_meta_disable_footer":"","neve_meta_disable_title":"","footnotes":""},"class_list":["post-1448","page","type-page","status-publish","hentry"],"jetpack_sharing_enabled":true,"_links":{"self":[{"href":"https:\/\/kolpingbuehne-wattens.at\/en\/wp-json\/wp\/v2\/pages\/1448","targetHints":{"allow":["GET"]}}],"collection":[{"href":"https:\/\/kolpingbuehne-wattens.at\/en\/wp-json\/wp\/v2\/pages"}],"about":[{"href":"https:\/\/kolpingbuehne-wattens.at\/en\/wp-json\/wp\/v2\/types\/page"}],"author":[{"embeddable":true,"href":"https:\/\/kolpingbuehne-wattens.at\/en\/wp-json\/wp\/v2\/users\/2"}],"replies":[{"embeddable":true,"href":"https:\/\/kolpingbuehne-wattens.at\/en\/wp-json\/wp\/v2\/comments?post=1448"}],"version-history":[{"count":7,"href":"https:\/\/kolpingbuehne-wattens.at\/en\/wp-json\/wp\/v2\/pages\/1448\/revisions"}],"predecessor-version":[{"id":2937,"href":"https:\/\/kolpingbuehne-wattens.at\/en\/wp-json\/wp\/v2\/pages\/1448\/revisions\/2937"}],"wp:attachment":[{"href":"https:\/\/kolpingbuehne-wattens.at\/en\/wp-json\/wp\/v2\/media?parent=1448"}],"curies":[{"name":"wp","href":"https:\/\/api.w.org\/{rel}","templated":true}]}}